{"id":79,"date":"2025-05-23T21:12:40","date_gmt":"2025-05-23T21:12:40","guid":{"rendered":"https:\/\/gr.intertel.club\/nduvernois\/?page_id=79"},"modified":"2025-10-16T19:58:32","modified_gmt":"2025-10-16T19:58:32","slug":"economies-denergie-a-la-maison-la-chasse-au-talon-est-ouverte","status":"publish","type":"page","link":"https:\/\/gr.intertel.club\/nduvernois\/economies-denergie-a-la-maison-la-chasse-au-talon-est-ouverte\/","title":{"rendered":"La chasse au talon est ouverte\u00a0!"},"content":{"rendered":"\n<figure class=\"wp-block-image aligncenter size-large is-resized\"><img loading=\"lazy\" decoding=\"async\" width=\"683\" height=\"1024\" src=\"https:\/\/gr.intertel.club\/nduvernois\/wp-content\/uploads\/sites\/2\/2025\/05\/250426-la-chasse-au-talon-electrique-est-ouverte-683x1024.jpg\" alt=\"\" class=\"wp-image-80\" style=\"width:236px;height:auto\" srcset=\"https:\/\/gr.intertel.club\/nduvernois\/wp-content\/uploads\/sites\/2\/2025\/05\/250426-la-chasse-au-talon-electrique-est-ouverte-683x1024.jpg 683w, https:\/\/gr.intertel.club\/nduvernois\/wp-content\/uploads\/sites\/2\/2025\/05\/250426-la-chasse-au-talon-electrique-est-ouverte-200x300.jpg 200w, https:\/\/gr.intertel.club\/nduvernois\/wp-content\/uploads\/sites\/2\/2025\/05\/250426-la-chasse-au-talon-electrique-est-ouverte-768x1152.jpg 768w, https:\/\/gr.intertel.club\/nduvernois\/wp-content\/uploads\/sites\/2\/2025\/05\/250426-la-chasse-au-talon-electrique-est-ouverte.jpg 1024w\" sizes=\"auto, (max-width: 683px) 100vw, 683px\" \/><\/figure>\n\n\n\n<p id=\"ember1038\">Commen\u00e7ons par une d\u00e9finition&nbsp;: le talon \u00e9lectrique est la consommation instantan\u00e9e minimale d\u2019une installation sur une p\u00e9riode donn\u00e9e. Suivant les habitudes locales, vous pourrez aussi trouver le terme ruban, ou baseload, etc&#8230;<\/p>\n\n\n\n<p id=\"ember1039\">Comment cela se mesure&nbsp;? Le plus simple est d\u2019activer sur votre compteur Linky la collecte des puissances instantan\u00e9es, soit sur le site Enedis avec votre compte personnel (enfin, d\u00e8s que cela refonctionnera), soit via votre fournisseur pr\u00e9f\u00e9r\u00e9. Vous allez ainsi pouvoir r\u00e9cup\u00e9rer tous les mois un fichier qui va vous donner la mesure de votre puissance instantan\u00e9e toutes les 30 minutes, donc 1440 points pour un mois de 30 jours.<\/p>\n\n\n\n<p id=\"ember1040\">Sur votre tableur pr\u00e9f\u00e9r\u00e9, il vous reste \u00e0 calculer le minimum, avec une formule qui ressemblera \u00e0 ceci&nbsp;: =MIN(B1:B1440). Typiquement, vous obtiendrez une puissance de l\u2019ordre de 100 \u00e0 250 W (0,1 \u00e0 0,25 kW).<\/p>\n\n\n\n<p id=\"ember1041\">Bien, mais fondamentalement, la puissance instantan\u00e9e ne vous impacte pas vraiment. Ce qui compte, c\u2019est la consommation qu\u2019elle repr\u00e9sente. Donc prenez ce minimum, multipliez-le par 24 et par le nombre de jours, et vous obtiendrez des Wh ou des kWh, suivant l\u2019unit\u00e9 de d\u00e9part. Pour finir, divisez cela par la consommation mensuelle (avec la m\u00eame unit\u00e9), et vous obtiendrez un pourcentage.<\/p>\n\n\n\n<p id=\"ember1042\">Que repr\u00e9sente ce pourcentage&nbsp;? Il s\u2019agit de la portion de votre consommation \u00e9lectrique li\u00e9e aux appareils qui ne s\u2019\u00e9teignent pas chez vous. OK, c\u2019est \u00e9videmment compliqu\u00e9 de d\u00e9brancher le r\u00e9frig\u00e9rateur ou le cong\u00e9lateur, ce n\u2019est pas recommand\u00e9 d\u2019\u00e9teindre la VMC, mais pour le reste, il s\u2019agit de trucs et de machins qui consomment de l\u2019\u00e9nergie lorsque vous ne vous en servez pas. Vous pouvez isoler la consommation d\u2019un appareil en particulier en achetant chez Brico-Truc un petit appareil qui s\u2019installe sur une prise 220V avec un compteur d\u2019\u00e9nergie incorpor\u00e9, cela co\u00fbte environ 10 EUR.<\/p>\n\n\n\n<p id=\"ember1043\">Un exemple&nbsp;: chez moi, le meuble TV (avec la TV, la box TV, la petite cha\u00eene qui sert \u00e0 avoir un son correct) consomme 18 W en veille. 18W x 24 x<em><\/em> 365 = 157 kWh\/an. Au tarif EDF bleu de f\u00e9vrier 2025, cela repr\u00e9sente 32 EUR\/an. Oui, cela n\u2019est pas \u00e9norme en soi, mais pour r\u00e9duire ce montant de moiti\u00e9 ou des trois quarts, cela co\u00fbte de penser \u00e0 \u00e9teindre l\u2019interrupteur de la multiprise, et d\u2019attendre 2 minutes avant de regarder la TV. C\u2019est une \u00e9conomie d\u2019\u00e9nergie sans investissement, avec une rentabilit\u00e9 instantan\u00e9e et qui, surtout, vous fera changer de regard sur votre consommation \u00e9lectrique.<\/p>\n\n\n\n<p id=\"ember1044\">Sinon, contrairement \u00e0 ce que laisse entendre cette vid\u00e9o qui parle de galinette cendr\u00e9e, il n\u2019y a que des bons chasseurs de talon, il suffit de s&rsquo;y mettre.<\/p>\n\n\n\n<p id=\"ember1044\"><a href=\"https:\/\/www.youtube.com\/watch?v=QuGcoOJKXT8\">https:\/\/www.youtube.com\/watch?v=QuGcoOJKXT8<\/a><\/p>\n\n\n\n<figure class=\"wp-block-embed is-type-video is-provider-youtube wp-block-embed-youtube wp-embed-aspect-16-9 wp-has-aspect-ratio\"><div class=\"wp-block-embed__wrapper\">\n<iframe loading=\"lazy\" title=\"Les Inconnus - Les chasseurs\" width=\"500\" height=\"281\" src=\"https:\/\/www.youtube.com\/embed\/QuGcoOJKXT8?feature=oembed\" frameborder=\"0\" allow=\"accelerometer; autoplay; clipboard-write; encrypted-media; gyroscope; picture-in-picture; web-share\" referrerpolicy=\"strict-origin-when-cross-origin\" allowfullscreen><\/iframe>\n<\/div><\/figure>\n\n\n\n<p><\/p>\n\n\n\n<p><\/p>\n","protected":false},"excerpt":{"rendered":"<p>Commen\u00e7ons par une d\u00e9finition&nbsp;: le talon \u00e9lectrique est la consommation instantan\u00e9e minimale d\u2019une installation sur une p\u00e9riode donn\u00e9e. Suivant les habitudes locales, vous pourrez aussi trouver le terme ruban, ou baseload, etc&#8230; Comment cela se mesure&nbsp;? Le plus simple est d\u2019activer sur votre compteur Linky la collecte des puissances instantan\u00e9es, soit sur le site Enedis [&hellip;]<\/p>\n","protected":false},"author":2,"featured_media":0,"parent":0,"menu_order":0,"comment_status":"closed","ping_status":"closed","template":"","meta":{"footnotes":""},"class_list":["post-79","page","type-page","status-publish","hentry"],"yoast_head":"<!-- This site is optimized with the Yoast SEO plugin v25.8 - https:\/\/yoast.com\/wordpress\/plugins\/seo\/ -->\n<title>La chasse au talon est ouverte\u00a0! - Nicolas Duvernois personal web site<\/title>\n<meta name=\"robots\" content=\"index, follow, max-snippet:-1, max-image-preview:large, max-video-preview:-1\" \/>\n<link rel=\"canonical\" href=\"https:\/\/gr.intertel.club\/nduvernois\/economies-denergie-a-la-maison-la-chasse-au-talon-est-ouverte\/\" \/>\n<meta property=\"og:locale\" content=\"fr_FR\" \/>\n<meta property=\"og:type\" content=\"article\" \/>\n<meta property=\"og:title\" content=\"La chasse au talon est ouverte\u00a0! - Nicolas Duvernois personal web site\" \/>\n<meta property=\"og:description\" content=\"Commen\u00e7ons par une d\u00e9finition&nbsp;: le talon \u00e9lectrique est la consommation instantan\u00e9e minimale d\u2019une installation sur une p\u00e9riode donn\u00e9e. Suivant les habitudes locales, vous pourrez aussi trouver le terme ruban, ou baseload, etc&#8230; Comment cela se mesure&nbsp;? Le plus simple est d\u2019activer sur votre compteur Linky la collecte des puissances instantan\u00e9es, soit sur le site Enedis [&hellip;]\" \/>\n<meta property=\"og:url\" content=\"https:\/\/gr.intertel.club\/nduvernois\/economies-denergie-a-la-maison-la-chasse-au-talon-est-ouverte\/\" \/>\n<meta property=\"og:site_name\" content=\"Nicolas Duvernois personal web site\" \/>\n<meta property=\"article:modified_time\" content=\"2025-10-16T19:58:32+00:00\" \/>\n<meta property=\"og:image\" content=\"https:\/\/gr.intertel.club\/nduvernois\/wp-content\/uploads\/sites\/2\/2025\/05\/250426-la-chasse-au-talon-electrique-est-ouverte.jpg\" \/>\n\t<meta property=\"og:image:width\" content=\"1024\" \/>\n\t<meta property=\"og:image:height\" content=\"1536\" \/>\n\t<meta property=\"og:image:type\" content=\"image\/jpeg\" \/>\n<meta name=\"twitter:card\" content=\"summary_large_image\" \/>\n<meta name=\"twitter:label1\" content=\"Dur\u00e9e de lecture estim\u00e9e\" \/>\n\t<meta name=\"twitter:data1\" content=\"3 minutes\" \/>\n<script type=\"application\/ld+json\" class=\"yoast-schema-graph\">{\"@context\":\"https:\/\/schema.org\",\"@graph\":[{\"@type\":\"WebPage\",\"@id\":\"https:\/\/gr.intertel.club\/nduvernois\/economies-denergie-a-la-maison-la-chasse-au-talon-est-ouverte\/\",\"url\":\"https:\/\/gr.intertel.club\/nduvernois\/economies-denergie-a-la-maison-la-chasse-au-talon-est-ouverte\/\",\"name\":\"La chasse au talon est ouverte\u00a0! - Nicolas Duvernois personal web site\",\"isPartOf\":{\"@id\":\"https:\/\/gr.intertel.club\/nduvernois\/#website\"},\"primaryImageOfPage\":{\"@id\":\"https:\/\/gr.intertel.club\/nduvernois\/economies-denergie-a-la-maison-la-chasse-au-talon-est-ouverte\/#primaryimage\"},\"image\":{\"@id\":\"https:\/\/gr.intertel.club\/nduvernois\/economies-denergie-a-la-maison-la-chasse-au-talon-est-ouverte\/#primaryimage\"},\"thumbnailUrl\":\"https:\/\/gr.intertel.club\/nduvernois\/wp-content\/uploads\/sites\/2\/2025\/05\/250426-la-chasse-au-talon-electrique-est-ouverte-683x1024.jpg\",\"datePublished\":\"2025-05-23T21:12:40+00:00\",\"dateModified\":\"2025-10-16T19:58:32+00:00\",\"breadcrumb\":{\"@id\":\"https:\/\/gr.intertel.club\/nduvernois\/economies-denergie-a-la-maison-la-chasse-au-talon-est-ouverte\/#breadcrumb\"},\"inLanguage\":\"fr-FR\",\"potentialAction\":[{\"@type\":\"ReadAction\",\"target\":[\"https:\/\/gr.intertel.club\/nduvernois\/economies-denergie-a-la-maison-la-chasse-au-talon-est-ouverte\/\"]}]},{\"@type\":\"ImageObject\",\"inLanguage\":\"fr-FR\",\"@id\":\"https:\/\/gr.intertel.club\/nduvernois\/economies-denergie-a-la-maison-la-chasse-au-talon-est-ouverte\/#primaryimage\",\"url\":\"https:\/\/gr.intertel.club\/nduvernois\/wp-content\/uploads\/sites\/2\/2025\/05\/250426-la-chasse-au-talon-electrique-est-ouverte.jpg\",\"contentUrl\":\"https:\/\/gr.intertel.club\/nduvernois\/wp-content\/uploads\/sites\/2\/2025\/05\/250426-la-chasse-au-talon-electrique-est-ouverte.jpg\",\"width\":1024,\"height\":1536},{\"@type\":\"BreadcrumbList\",\"@id\":\"https:\/\/gr.intertel.club\/nduvernois\/economies-denergie-a-la-maison-la-chasse-au-talon-est-ouverte\/#breadcrumb\",\"itemListElement\":[{\"@type\":\"ListItem\",\"position\":1,\"name\":\"Home\",\"item\":\"https:\/\/gr.intertel.club\/nduvernois\/\"},{\"@type\":\"ListItem\",\"position\":2,\"name\":\"La chasse au talon est ouverte\u00a0!\"}]},{\"@type\":\"WebSite\",\"@id\":\"https:\/\/gr.intertel.club\/nduvernois\/#website\",\"url\":\"https:\/\/gr.intertel.club\/nduvernois\/\",\"name\":\"Nicolas Duvernois personal web site\",\"description\":\"\",\"potentialAction\":[{\"@type\":\"SearchAction\",\"target\":{\"@type\":\"EntryPoint\",\"urlTemplate\":\"https:\/\/gr.intertel.club\/nduvernois\/?s={search_term_string}\"},\"query-input\":{\"@type\":\"PropertyValueSpecification\",\"valueRequired\":true,\"valueName\":\"search_term_string\"}}],\"inLanguage\":\"fr-FR\"}]}<\/script>\n<!-- \/ Yoast SEO plugin. -->","yoast_head_json":{"title":"La chasse au talon est ouverte\u00a0! - Nicolas Duvernois personal web site","robots":{"index":"index","follow":"follow","max-snippet":"max-snippet:-1","max-image-preview":"max-image-preview:large","max-video-preview":"max-video-preview:-1"},"canonical":"https:\/\/gr.intertel.club\/nduvernois\/economies-denergie-a-la-maison-la-chasse-au-talon-est-ouverte\/","og_locale":"fr_FR","og_type":"article","og_title":"La chasse au talon est ouverte\u00a0! - Nicolas Duvernois personal web site","og_description":"Commen\u00e7ons par une d\u00e9finition&nbsp;: le talon \u00e9lectrique est la consommation instantan\u00e9e minimale d\u2019une installation sur une p\u00e9riode donn\u00e9e. Suivant les habitudes locales, vous pourrez aussi trouver le terme ruban, ou baseload, etc&#8230; Comment cela se mesure&nbsp;? Le plus simple est d\u2019activer sur votre compteur Linky la collecte des puissances instantan\u00e9es, soit sur le site Enedis [&hellip;]","og_url":"https:\/\/gr.intertel.club\/nduvernois\/economies-denergie-a-la-maison-la-chasse-au-talon-est-ouverte\/","og_site_name":"Nicolas Duvernois personal web site","article_modified_time":"2025-10-16T19:58:32+00:00","og_image":[{"width":1024,"height":1536,"url":"https:\/\/gr.intertel.club\/nduvernois\/wp-content\/uploads\/sites\/2\/2025\/05\/250426-la-chasse-au-talon-electrique-est-ouverte.jpg","type":"image\/jpeg"}],"twitter_card":"summary_large_image","twitter_misc":{"Dur\u00e9e de lecture estim\u00e9e":"3 minutes"},"schema":{"@context":"https:\/\/schema.org","@graph":[{"@type":"WebPage","@id":"https:\/\/gr.intertel.club\/nduvernois\/economies-denergie-a-la-maison-la-chasse-au-talon-est-ouverte\/","url":"https:\/\/gr.intertel.club\/nduvernois\/economies-denergie-a-la-maison-la-chasse-au-talon-est-ouverte\/","name":"La chasse au talon est ouverte\u00a0! - Nicolas Duvernois personal web site","isPartOf":{"@id":"https:\/\/gr.intertel.club\/nduvernois\/#website"},"primaryImageOfPage":{"@id":"https:\/\/gr.intertel.club\/nduvernois\/economies-denergie-a-la-maison-la-chasse-au-talon-est-ouverte\/#primaryimage"},"image":{"@id":"https:\/\/gr.intertel.club\/nduvernois\/economies-denergie-a-la-maison-la-chasse-au-talon-est-ouverte\/#primaryimage"},"thumbnailUrl":"https:\/\/gr.intertel.club\/nduvernois\/wp-content\/uploads\/sites\/2\/2025\/05\/250426-la-chasse-au-talon-electrique-est-ouverte-683x1024.jpg","datePublished":"2025-05-23T21:12:40+00:00","dateModified":"2025-10-16T19:58:32+00:00","breadcrumb":{"@id":"https:\/\/gr.intertel.club\/nduvernois\/economies-denergie-a-la-maison-la-chasse-au-talon-est-ouverte\/#breadcrumb"},"inLanguage":"fr-FR","potentialAction":[{"@type":"ReadAction","target":["https:\/\/gr.intertel.club\/nduvernois\/economies-denergie-a-la-maison-la-chasse-au-talon-est-ouverte\/"]}]},{"@type":"ImageObject","inLanguage":"fr-FR","@id":"https:\/\/gr.intertel.club\/nduvernois\/economies-denergie-a-la-maison-la-chasse-au-talon-est-ouverte\/#primaryimage","url":"https:\/\/gr.intertel.club\/nduvernois\/wp-content\/uploads\/sites\/2\/2025\/05\/250426-la-chasse-au-talon-electrique-est-ouverte.jpg","contentUrl":"https:\/\/gr.intertel.club\/nduvernois\/wp-content\/uploads\/sites\/2\/2025\/05\/250426-la-chasse-au-talon-electrique-est-ouverte.jpg","width":1024,"height":1536},{"@type":"BreadcrumbList","@id":"https:\/\/gr.intertel.club\/nduvernois\/economies-denergie-a-la-maison-la-chasse-au-talon-est-ouverte\/#breadcrumb","itemListElement":[{"@type":"ListItem","position":1,"name":"Home","item":"https:\/\/gr.intertel.club\/nduvernois\/"},{"@type":"ListItem","position":2,"name":"La chasse au talon est ouverte\u00a0!"}]},{"@type":"WebSite","@id":"https:\/\/gr.intertel.club\/nduvernois\/#website","url":"https:\/\/gr.intertel.club\/nduvernois\/","name":"Nicolas Duvernois personal web site","description":"","potentialAction":[{"@type":"SearchAction","target":{"@type":"EntryPoint","urlTemplate":"https:\/\/gr.intertel.club\/nduvernois\/?s={search_term_string}"},"query-input":{"@type":"PropertyValueSpecification","valueRequired":true,"valueName":"search_term_string"}}],"inLanguage":"fr-FR"}]}},"_links":{"self":[{"href":"https:\/\/gr.intertel.club\/nduvernois\/wp-json\/wp\/v2\/pages\/79","targetHints":{"allow":["GET"]}}],"collection":[{"href":"https:\/\/gr.intertel.club\/nduvernois\/wp-json\/wp\/v2\/pages"}],"about":[{"href":"https:\/\/gr.intertel.club\/nduvernois\/wp-json\/wp\/v2\/types\/page"}],"author":[{"embeddable":true,"href":"https:\/\/gr.intertel.club\/nduvernois\/wp-json\/wp\/v2\/users\/2"}],"replies":[{"embeddable":true,"href":"https:\/\/gr.intertel.club\/nduvernois\/wp-json\/wp\/v2\/comments?post=79"}],"version-history":[{"count":3,"href":"https:\/\/gr.intertel.club\/nduvernois\/wp-json\/wp\/v2\/pages\/79\/revisions"}],"predecessor-version":[{"id":125,"href":"https:\/\/gr.intertel.club\/nduvernois\/wp-json\/wp\/v2\/pages\/79\/revisions\/125"}],"wp:attachment":[{"href":"https:\/\/gr.intertel.club\/nduvernois\/wp-json\/wp\/v2\/media?parent=79"}],"curies":[{"name":"wp","href":"https:\/\/api.w.org\/{rel}","templated":true}]}}