{"id":39,"date":"2025-05-05T08:50:41","date_gmt":"2025-05-05T08:50:41","guid":{"rendered":"https:\/\/gr.intertel.club\/nduvernois\/?page_id=39"},"modified":"2025-10-16T20:00:20","modified_gmt":"2025-10-16T20:00:20","slug":"economies-denergie-a-la-maison-la-temperature-vous-dis-je-la-temperature","status":"publish","type":"page","link":"https:\/\/gr.intertel.club\/nduvernois\/economies-denergie-a-la-maison-la-temperature-vous-dis-je-la-temperature\/","title":{"rendered":"La temp\u00e9rature, vous dis-je, la temp\u00e9rature\u00a0!"},"content":{"rendered":"\n<figure class=\"wp-block-image\"><img decoding=\"async\" src=\"https:\/\/media.licdn.com\/dms\/image\/v2\/D5612AQE-n6qNNFLj_A\/article-cover_image-shrink_720_1280\/B56ZYXBYZRGUAI-\/0\/1744142962532?e=1752105600&amp;v=beta&amp;t=Ow50J9G6mmVvMxzGjgtxQbc6tPkdJgs_IMvHSuOSMhM\" alt=\"\" \/><\/figure>\n\n\n\n<p id=\"ember53\">Comme chacun le sait, l\u2019\u00e9nergie d\u00e9pens\u00e9e pour le chauffage d\u00e9pend de la temp\u00e9rature ext\u00e9rieure. Donc comment savoir si une baisse de consommation est li\u00e9e \u00e0 une m\u00e9t\u00e9o cl\u00e9mente ou \u00e0 une \u00e9volution&nbsp;? Les thermiciens ont cr\u00e9\u00e9 pour cela le Degr\u00e9 Jour Unifi\u00e9, DJU pour les intimes.<\/p>\n\n\n\n\n\n<p id=\"ember54\">Voici la m\u00e9thode&nbsp;: tous les jours, relever la temp\u00e9rature ext\u00e9rieure, d\u00e9terminer le minimum et le maximum, et ensuite calculer&nbsp;: temp\u00e9rature de r\u00e9f\u00e9rence \u2013 moyenne (minimum, maximum). La temp\u00e9rature de r\u00e9f\u00e9rence, c\u2019est la temp\u00e9rature int\u00e9rieure souhait\u00e9e. Le calcul d\u00e9termine la diff\u00e9rence entre la temp\u00e9rature de r\u00e9f\u00e9rence et la moyenne de la temp\u00e9rature ext\u00e9rieure, donc la quantit\u00e9 de degr\u00e9s \u00e0 compenser pour atteindre la temp\u00e9rature int\u00e9rieure souhait\u00e9e. La valeur de la temp\u00e9rature de r\u00e9f\u00e9rence importe peu, du moment qu\u2019elle soit fixe.<\/p>\n\n\n\n<p id=\"ember55\">Pour un DJU mensuel, il suffit d\u2019additionner les DJU de chaque jour du mois. O\u00f9 trouver les valeurs&nbsp;? Ici par exemple&nbsp;: <a href=\"https:\/\/www.infoclimat.fr\/stations-meteo\/analyses-mensuelles.php\">https:\/\/www.infoclimat.fr\/stations-meteo\/analyses-mensuelles.php<\/a>, il vous reste \u00e0 choisir une station m\u00e9t\u00e9o proche de chez vous.<\/p>\n\n\n\n<h4 class=\"wp-block-heading\" id=\"ember57\">\u00ab&nbsp;Et j\u2019en fais quoi de ces DJU&nbsp;?&nbsp;\u00bb<\/h4>\n\n\n\n<p id=\"ember58\">Prenez une bonne vieille feuille de papier millim\u00e9tr\u00e9, une feuille \u00e0 petits carreaux ou votre tableur pr\u00e9f\u00e9r\u00e9 et tracez un nuage de points&nbsp;: en abscisse (axe des X, \u00e0 l\u2019horizontale) les DJU, en ordonn\u00e9e (axe des Y, \u00e0 la verticale) les consommations, 1 point par mois. Et sous vos yeux \u00e9bahis, le nuage de points va prendre la forme d\u2019une droite un peu \u00e9paisse, en tout cas pour la p\u00e9riode de chauffe. \u00c7a marche aussi avec des donn\u00e9es journali\u00e8res. L\u2019\u00e9paisseur d\u00e9pend de la pr\u00e9cision de votre mesure, mais aussi de tous les ph\u00e9nom\u00e8nes qui ne se r\u00e9duisent pas \u00e0 la temp\u00e9rature ext\u00e9rieure.<\/p>\n\n\n\n<p id=\"ember60\">Voici un exemple avec ma pompe \u00e0 chaleur (avec un compteur RT2012 qui isole la consommation du chauffage)&nbsp;:<\/p>\n\n\n\n<figure class=\"wp-block-image aligncenter\"><img decoding=\"async\" src=\"https:\/\/media.licdn.com\/dms\/image\/v2\/D4E12AQHGDuN6Gv1IMw\/article-inline_image-shrink_400_744\/B4EZV3l6Y4GwAc-\/0\/1741468182599?e=1752105600&amp;v=beta&amp;t=E-iyguLFYpy2DX9OnIaTmEaMTX-D8ibqvVLkfp5mBSw\" alt=\"Contenu de l\u2019article\" \/><\/figure>\n\n\n\n<p id=\"ember62\">Le point de 2020 qui d\u00e9passe&nbsp;? Suite \u00e0 un orage, la carte \u00e9lectronique de l\u2019unit\u00e9 ext\u00e9rieure \u00e9tait HS, donc pendant 1 mois, nous avons tourn\u00e9 sur la r\u00e9sistance \u00e9lectrique.<\/p>\n\n\n\n<p id=\"ember63\">Voici un autre exemple (chez F qui se reconna\u00eetra) dans une maison o\u00f9 le gaz sert \u00e0 chauffer la maison, l\u2019eau chaude et faire la cuisine (donn\u00e9es prises sur son compteur Gazpar)&nbsp;:<\/p>\n\n\n\n<figure class=\"wp-block-image aligncenter is-resized\"><img decoding=\"async\" src=\"https:\/\/media.licdn.com\/dms\/image\/v2\/D4E12AQH_8pB_H7vH_w\/article-inline_image-shrink_1000_1488\/B4EZV3mT0IG0AU-\/0\/1741468286667?e=1752105600&amp;v=beta&amp;t=u9x8NHBGl6CEKd2quWmLMfhv704PZEssPuQcRPlkHzM\" alt=\"Contenu de l\u2019article\" style=\"width:650px;height:auto\" \/><\/figure>\n\n\n\n<p id=\"ember66\">\u00ab&nbsp;Ah, \u00e7a vient de l\u00e0 le 7&nbsp;% d\u2019\u00e9conomie par degr\u00e9 de chauffage en moins&nbsp;?&nbsp;\u00bb Mouais. Une fois que que vous avez pour une ann\u00e9e compl\u00e8te un relev\u00e9 de DJU mensuels et de consommation de chauffage, et que vous avez d\u00e9termin\u00e9 l\u2019\u00e9quation de la droite de r\u00e9gression, vous pouvez en d\u00e9duire pour chaque mois la consommation que vous devriez avoir avec 30 DJU en moins, et additionner pour toute l\u2019ann\u00e9e. Et l\u00e0, vous calculerez un pourcentage de gain par rapport \u00e0 votre ann\u00e9e de base, ce ne sera probablement pas 7&nbsp;%.<\/p>\n\n\n\n<p id=\"ember67\">Ce que je viens d&rsquo;expliquer pour le chauffage marche pour en principe n&rsquo;importe quoi d&rsquo;autre, encore faut-il identifier le facteur influent (il peut aussi y en avoir plusieurs). Pour briller lors de votre prochain d\u00eener en ville, vous pourrez dire qu&rsquo;en termes ISO 50001, d\u00e9terminer la relation entre vos facteurs influents et la consommation revient \u00e0 d\u00e9terminer un Indice de Performance \u00c9nerg\u00e9tique. Et la droite de r\u00e9gression dans votre situation actuelle porte le doux nom de Situation \u00c9nerg\u00e9tique de R\u00e9f\u00e9rence.<\/p>\n\n\n\n<p id=\"ember69\">Le but de jeu \u00ab\u00a0faire des \u00e9conomies de chauffage\u00a0\u00bb est donc simple\u00a0: il s\u2019agit d\u2019\u00e9craser cette droite. Comment\u00a0? Rendez-vous aux prochains posts.<\/p>\n\n\n\n<p id=\"ember71\">Et pour rendre \u00e0 Moli\u00e8re ce qui lui appartient, c&rsquo;est par exemple ici : <a href=\"https:\/\/www.youtube.com\/watch?v=ts5ghUky75w\">https:\/\/www.youtube.com\/watch?v=ts5ghUky75w<\/a><\/p>\n","protected":false},"excerpt":{"rendered":"<p>Comme chacun le sait, l\u2019\u00e9nergie d\u00e9pens\u00e9e pour le chauffage d\u00e9pend de la temp\u00e9rature ext\u00e9rieure. Donc comment savoir si une baisse de consommation est li\u00e9e \u00e0 une m\u00e9t\u00e9o cl\u00e9mente ou \u00e0 une \u00e9volution&nbsp;? Les thermiciens ont cr\u00e9\u00e9 pour cela le Degr\u00e9 Jour Unifi\u00e9, DJU pour les intimes. Voici la m\u00e9thode&nbsp;: tous les jours, relever la temp\u00e9rature [&hellip;]<\/p>\n","protected":false},"author":1,"featured_media":0,"parent":0,"menu_order":0,"comment_status":"closed","ping_status":"closed","template":"","meta":{"footnotes":""},"class_list":["post-39","page","type-page","status-publish","hentry"],"yoast_head":"<!-- This site is optimized with the Yoast SEO plugin v25.8 - https:\/\/yoast.com\/wordpress\/plugins\/seo\/ -->\n<title>La temp\u00e9rature, vous dis-je, la temp\u00e9rature\u00a0! - Nicolas Duvernois personal web site<\/title>\n<meta name=\"robots\" content=\"index, follow, max-snippet:-1, max-image-preview:large, max-video-preview:-1\" \/>\n<link rel=\"canonical\" href=\"https:\/\/gr.intertel.club\/nduvernois\/economies-denergie-a-la-maison-la-temperature-vous-dis-je-la-temperature\/\" \/>\n<meta property=\"og:locale\" content=\"fr_FR\" \/>\n<meta property=\"og:type\" content=\"article\" \/>\n<meta property=\"og:title\" content=\"La temp\u00e9rature, vous dis-je, la temp\u00e9rature\u00a0! - Nicolas Duvernois personal web site\" \/>\n<meta property=\"og:description\" content=\"Comme chacun le sait, l\u2019\u00e9nergie d\u00e9pens\u00e9e pour le chauffage d\u00e9pend de la temp\u00e9rature ext\u00e9rieure. Donc comment savoir si une baisse de consommation est li\u00e9e \u00e0 une m\u00e9t\u00e9o cl\u00e9mente ou \u00e0 une \u00e9volution&nbsp;? Les thermiciens ont cr\u00e9\u00e9 pour cela le Degr\u00e9 Jour Unifi\u00e9, DJU pour les intimes. Voici la m\u00e9thode&nbsp;: tous les jours, relever la temp\u00e9rature [&hellip;]\" \/>\n<meta property=\"og:url\" content=\"https:\/\/gr.intertel.club\/nduvernois\/economies-denergie-a-la-maison-la-temperature-vous-dis-je-la-temperature\/\" \/>\n<meta property=\"og:site_name\" content=\"Nicolas Duvernois personal web site\" \/>\n<meta property=\"article:modified_time\" content=\"2025-10-16T20:00:20+00:00\" \/>\n<meta property=\"og:image\" content=\"https:\/\/media.licdn.com\/dms\/image\/v2\/D5612AQE-n6qNNFLj_A\/article-cover_image-shrink_720_1280\/B56ZYXBYZRGUAI-\/0\/1744142962532?e=1752105600&amp;v=beta&amp;t=Ow50J9G6mmVvMxzGjgtxQbc6tPkdJgs_IMvHSuOSMhM\" \/>\n<meta name=\"twitter:card\" content=\"summary_large_image\" \/>\n<meta name=\"twitter:label1\" content=\"Dur\u00e9e de lecture estim\u00e9e\" \/>\n\t<meta name=\"twitter:data1\" content=\"4 minutes\" \/>\n<script type=\"application\/ld+json\" class=\"yoast-schema-graph\">{\"@context\":\"https:\/\/schema.org\",\"@graph\":[{\"@type\":\"WebPage\",\"@id\":\"https:\/\/gr.intertel.club\/nduvernois\/economies-denergie-a-la-maison-la-temperature-vous-dis-je-la-temperature\/\",\"url\":\"https:\/\/gr.intertel.club\/nduvernois\/economies-denergie-a-la-maison-la-temperature-vous-dis-je-la-temperature\/\",\"name\":\"La temp\u00e9rature, vous dis-je, la temp\u00e9rature\u00a0! - Nicolas Duvernois personal web site\",\"isPartOf\":{\"@id\":\"https:\/\/gr.intertel.club\/nduvernois\/#website\"},\"primaryImageOfPage\":{\"@id\":\"https:\/\/gr.intertel.club\/nduvernois\/economies-denergie-a-la-maison-la-temperature-vous-dis-je-la-temperature\/#primaryimage\"},\"image\":{\"@id\":\"https:\/\/gr.intertel.club\/nduvernois\/economies-denergie-a-la-maison-la-temperature-vous-dis-je-la-temperature\/#primaryimage\"},\"thumbnailUrl\":\"https:\/\/media.licdn.com\/dms\/image\/v2\/D5612AQE-n6qNNFLj_A\/article-cover_image-shrink_720_1280\/B56ZYXBYZRGUAI-\/0\/1744142962532?e=1752105600&amp;v=beta&amp;t=Ow50J9G6mmVvMxzGjgtxQbc6tPkdJgs_IMvHSuOSMhM\",\"datePublished\":\"2025-05-05T08:50:41+00:00\",\"dateModified\":\"2025-10-16T20:00:20+00:00\",\"breadcrumb\":{\"@id\":\"https:\/\/gr.intertel.club\/nduvernois\/economies-denergie-a-la-maison-la-temperature-vous-dis-je-la-temperature\/#breadcrumb\"},\"inLanguage\":\"fr-FR\",\"potentialAction\":[{\"@type\":\"ReadAction\",\"target\":[\"https:\/\/gr.intertel.club\/nduvernois\/economies-denergie-a-la-maison-la-temperature-vous-dis-je-la-temperature\/\"]}]},{\"@type\":\"ImageObject\",\"inLanguage\":\"fr-FR\",\"@id\":\"https:\/\/gr.intertel.club\/nduvernois\/economies-denergie-a-la-maison-la-temperature-vous-dis-je-la-temperature\/#primaryimage\",\"url\":\"https:\/\/media.licdn.com\/dms\/image\/v2\/D5612AQE-n6qNNFLj_A\/article-cover_image-shrink_720_1280\/B56ZYXBYZRGUAI-\/0\/1744142962532?e=1752105600&amp;v=beta&amp;t=Ow50J9G6mmVvMxzGjgtxQbc6tPkdJgs_IMvHSuOSMhM\",\"contentUrl\":\"https:\/\/media.licdn.com\/dms\/image\/v2\/D5612AQE-n6qNNFLj_A\/article-cover_image-shrink_720_1280\/B56ZYXBYZRGUAI-\/0\/1744142962532?e=1752105600&amp;v=beta&amp;t=Ow50J9G6mmVvMxzGjgtxQbc6tPkdJgs_IMvHSuOSMhM\"},{\"@type\":\"BreadcrumbList\",\"@id\":\"https:\/\/gr.intertel.club\/nduvernois\/economies-denergie-a-la-maison-la-temperature-vous-dis-je-la-temperature\/#breadcrumb\",\"itemListElement\":[{\"@type\":\"ListItem\",\"position\":1,\"name\":\"Home\",\"item\":\"https:\/\/gr.intertel.club\/nduvernois\/\"},{\"@type\":\"ListItem\",\"position\":2,\"name\":\"La temp\u00e9rature, vous dis-je, la temp\u00e9rature\u00a0!\"}]},{\"@type\":\"WebSite\",\"@id\":\"https:\/\/gr.intertel.club\/nduvernois\/#website\",\"url\":\"https:\/\/gr.intertel.club\/nduvernois\/\",\"name\":\"Nicolas Duvernois personal web site\",\"description\":\"\",\"potentialAction\":[{\"@type\":\"SearchAction\",\"target\":{\"@type\":\"EntryPoint\",\"urlTemplate\":\"https:\/\/gr.intertel.club\/nduvernois\/?s={search_term_string}\"},\"query-input\":{\"@type\":\"PropertyValueSpecification\",\"valueRequired\":true,\"valueName\":\"search_term_string\"}}],\"inLanguage\":\"fr-FR\"}]}<\/script>\n<!-- \/ Yoast SEO plugin. -->","yoast_head_json":{"title":"La temp\u00e9rature, vous dis-je, la temp\u00e9rature\u00a0! - Nicolas Duvernois personal web site","robots":{"index":"index","follow":"follow","max-snippet":"max-snippet:-1","max-image-preview":"max-image-preview:large","max-video-preview":"max-video-preview:-1"},"canonical":"https:\/\/gr.intertel.club\/nduvernois\/economies-denergie-a-la-maison-la-temperature-vous-dis-je-la-temperature\/","og_locale":"fr_FR","og_type":"article","og_title":"La temp\u00e9rature, vous dis-je, la temp\u00e9rature\u00a0! - Nicolas Duvernois personal web site","og_description":"Comme chacun le sait, l\u2019\u00e9nergie d\u00e9pens\u00e9e pour le chauffage d\u00e9pend de la temp\u00e9rature ext\u00e9rieure. Donc comment savoir si une baisse de consommation est li\u00e9e \u00e0 une m\u00e9t\u00e9o cl\u00e9mente ou \u00e0 une \u00e9volution&nbsp;? Les thermiciens ont cr\u00e9\u00e9 pour cela le Degr\u00e9 Jour Unifi\u00e9, DJU pour les intimes. Voici la m\u00e9thode&nbsp;: tous les jours, relever la temp\u00e9rature [&hellip;]","og_url":"https:\/\/gr.intertel.club\/nduvernois\/economies-denergie-a-la-maison-la-temperature-vous-dis-je-la-temperature\/","og_site_name":"Nicolas Duvernois personal web site","article_modified_time":"2025-10-16T20:00:20+00:00","og_image":[{"url":"https:\/\/media.licdn.com\/dms\/image\/v2\/D5612AQE-n6qNNFLj_A\/article-cover_image-shrink_720_1280\/B56ZYXBYZRGUAI-\/0\/1744142962532?e=1752105600&amp;v=beta&amp;t=Ow50J9G6mmVvMxzGjgtxQbc6tPkdJgs_IMvHSuOSMhM","type":"","width":"","height":""}],"twitter_card":"summary_large_image","twitter_misc":{"Dur\u00e9e de lecture estim\u00e9e":"4 minutes"},"schema":{"@context":"https:\/\/schema.org","@graph":[{"@type":"WebPage","@id":"https:\/\/gr.intertel.club\/nduvernois\/economies-denergie-a-la-maison-la-temperature-vous-dis-je-la-temperature\/","url":"https:\/\/gr.intertel.club\/nduvernois\/economies-denergie-a-la-maison-la-temperature-vous-dis-je-la-temperature\/","name":"La temp\u00e9rature, vous dis-je, la temp\u00e9rature\u00a0! - Nicolas Duvernois personal web site","isPartOf":{"@id":"https:\/\/gr.intertel.club\/nduvernois\/#website"},"primaryImageOfPage":{"@id":"https:\/\/gr.intertel.club\/nduvernois\/economies-denergie-a-la-maison-la-temperature-vous-dis-je-la-temperature\/#primaryimage"},"image":{"@id":"https:\/\/gr.intertel.club\/nduvernois\/economies-denergie-a-la-maison-la-temperature-vous-dis-je-la-temperature\/#primaryimage"},"thumbnailUrl":"https:\/\/media.licdn.com\/dms\/image\/v2\/D5612AQE-n6qNNFLj_A\/article-cover_image-shrink_720_1280\/B56ZYXBYZRGUAI-\/0\/1744142962532?e=1752105600&amp;v=beta&amp;t=Ow50J9G6mmVvMxzGjgtxQbc6tPkdJgs_IMvHSuOSMhM","datePublished":"2025-05-05T08:50:41+00:00","dateModified":"2025-10-16T20:00:20+00:00","breadcrumb":{"@id":"https:\/\/gr.intertel.club\/nduvernois\/economies-denergie-a-la-maison-la-temperature-vous-dis-je-la-temperature\/#breadcrumb"},"inLanguage":"fr-FR","potentialAction":[{"@type":"ReadAction","target":["https:\/\/gr.intertel.club\/nduvernois\/economies-denergie-a-la-maison-la-temperature-vous-dis-je-la-temperature\/"]}]},{"@type":"ImageObject","inLanguage":"fr-FR","@id":"https:\/\/gr.intertel.club\/nduvernois\/economies-denergie-a-la-maison-la-temperature-vous-dis-je-la-temperature\/#primaryimage","url":"https:\/\/media.licdn.com\/dms\/image\/v2\/D5612AQE-n6qNNFLj_A\/article-cover_image-shrink_720_1280\/B56ZYXBYZRGUAI-\/0\/1744142962532?e=1752105600&amp;v=beta&amp;t=Ow50J9G6mmVvMxzGjgtxQbc6tPkdJgs_IMvHSuOSMhM","contentUrl":"https:\/\/media.licdn.com\/dms\/image\/v2\/D5612AQE-n6qNNFLj_A\/article-cover_image-shrink_720_1280\/B56ZYXBYZRGUAI-\/0\/1744142962532?e=1752105600&amp;v=beta&amp;t=Ow50J9G6mmVvMxzGjgtxQbc6tPkdJgs_IMvHSuOSMhM"},{"@type":"BreadcrumbList","@id":"https:\/\/gr.intertel.club\/nduvernois\/economies-denergie-a-la-maison-la-temperature-vous-dis-je-la-temperature\/#breadcrumb","itemListElement":[{"@type":"ListItem","position":1,"name":"Home","item":"https:\/\/gr.intertel.club\/nduvernois\/"},{"@type":"ListItem","position":2,"name":"La temp\u00e9rature, vous dis-je, la temp\u00e9rature\u00a0!"}]},{"@type":"WebSite","@id":"https:\/\/gr.intertel.club\/nduvernois\/#website","url":"https:\/\/gr.intertel.club\/nduvernois\/","name":"Nicolas Duvernois personal web site","description":"","potentialAction":[{"@type":"SearchAction","target":{"@type":"EntryPoint","urlTemplate":"https:\/\/gr.intertel.club\/nduvernois\/?s={search_term_string}"},"query-input":{"@type":"PropertyValueSpecification","valueRequired":true,"valueName":"search_term_string"}}],"inLanguage":"fr-FR"}]}},"_links":{"self":[{"href":"https:\/\/gr.intertel.club\/nduvernois\/wp-json\/wp\/v2\/pages\/39","targetHints":{"allow":["GET"]}}],"collection":[{"href":"https:\/\/gr.intertel.club\/nduvernois\/wp-json\/wp\/v2\/pages"}],"about":[{"href":"https:\/\/gr.intertel.club\/nduvernois\/wp-json\/wp\/v2\/types\/page"}],"author":[{"embeddable":true,"href":"https:\/\/gr.intertel.club\/nduvernois\/wp-json\/wp\/v2\/users\/1"}],"replies":[{"embeddable":true,"href":"https:\/\/gr.intertel.club\/nduvernois\/wp-json\/wp\/v2\/comments?post=39"}],"version-history":[{"count":2,"href":"https:\/\/gr.intertel.club\/nduvernois\/wp-json\/wp\/v2\/pages\/39\/revisions"}],"predecessor-version":[{"id":129,"href":"https:\/\/gr.intertel.club\/nduvernois\/wp-json\/wp\/v2\/pages\/39\/revisions\/129"}],"wp:attachment":[{"href":"https:\/\/gr.intertel.club\/nduvernois\/wp-json\/wp\/v2\/media?parent=39"}],"curies":[{"name":"wp","href":"https:\/\/api.w.org\/{rel}","templated":true}]}}