{"id":107,"date":"2025-10-15T21:35:00","date_gmt":"2025-10-15T21:35:00","guid":{"rendered":"https:\/\/gr.intertel.club\/nduvernois\/?page_id=107"},"modified":"2025-10-15T21:35:01","modified_gmt":"2025-10-15T21:35:01","slug":"le-choix-de-la-temperature-de-la-salle-serveur-est-il-un-sujet-defficacite-energetique","status":"publish","type":"page","link":"https:\/\/gr.intertel.club\/nduvernois\/le-choix-de-la-temperature-de-la-salle-serveur-est-il-un-sujet-defficacite-energetique\/","title":{"rendered":"Le choix de la temp\u00e9rature de la salle serveur est-il un sujet d\u2019efficacit\u00e9 \u00e9nerg\u00e9tique\u00a0?"},"content":{"rendered":"\n<figure class=\"wp-block-image size-large\"><img loading=\"lazy\" decoding=\"async\" width=\"1024\" height=\"1004\" src=\"https:\/\/gr.intertel.club\/nduvernois\/wp-content\/uploads\/sites\/2\/2025\/10\/IMG_0930_T_server_room_rogne-1024x1004.jpg\" alt=\"\" class=\"wp-image-110\" srcset=\"https:\/\/gr.intertel.club\/nduvernois\/wp-content\/uploads\/sites\/2\/2025\/10\/IMG_0930_T_server_room_rogne-1024x1004.jpg 1024w, https:\/\/gr.intertel.club\/nduvernois\/wp-content\/uploads\/sites\/2\/2025\/10\/IMG_0930_T_server_room_rogne-300x294.jpg 300w, https:\/\/gr.intertel.club\/nduvernois\/wp-content\/uploads\/sites\/2\/2025\/10\/IMG_0930_T_server_room_rogne-768x753.jpg 768w, https:\/\/gr.intertel.club\/nduvernois\/wp-content\/uploads\/sites\/2\/2025\/10\/IMG_0930_T_server_room_rogne-1536x1506.jpg 1536w, https:\/\/gr.intertel.club\/nduvernois\/wp-content\/uploads\/sites\/2\/2025\/10\/IMG_0930_T_server_room_rogne-2048x2008.jpg 2048w\" sizes=\"auto, (max-width: 1024px) 100vw, 1024px\" \/><\/figure>\n\n\n\n<p>Le dialogue qui suit (volontairement caricatural) r\u00e9sume une s\u00e9quence de quelques mois. Je discute donc avec le responsable informatique du site&nbsp;:<\/p>\n\n\n\n<p>&#8211; Pourquoi les clims de la salle serveurs sont \u00e0 19\u00b0C&nbsp;?<\/p>\n\n\n\n<p>&#8211; Tu comprends, les serveurs, \u00e7a n\u2019aime pas trop la chaleur.<\/p>\n\n\n\n<p>&#8211; Oui, mais le serveur, il peut tenir jusqu\u2019\u00e0 quelle temp\u00e9rature&nbsp;?<\/p>\n\n\n\n<p>&#8211; XX\u00b0C<\/p>\n\n\n\n<p>&#8211; OK, alors est-ce que je peux acc\u00e9der \u00e0 la temp\u00e9rature des serveurs pour r\u00e9guler au juste n\u00e9cessaire&nbsp;?<\/p>\n\n\n\n<p>&#8211; Non, pas possible, un acc\u00e8s de ce genre aux serveurs, c\u2019est verrouill\u00e9 de partout<\/p>\n\n\n\n<p>&#8211; Bon, mais alors pourquoi 19\u00b0C&nbsp;?<\/p>\n\n\n\n<p>&#8211; Ben, comme \u00e7a, je suis s\u00fbr que \u00e7a va bien refroidir<\/p>\n\n\n\n<p>&#8211; Attends, les clims, elle sont r\u00e9gul\u00e9es, donc si tu mets 21\u00b0C, \u00e7a va ajuster la puissance pour tenir les 21\u00b0C<\/p>\n\n\n\n<p>&#8211; Non, mais tu comprends, si les clims tombent en panne, \u00e7a mettra plus de temps \u00e0 atteindre la temp\u00e9rature critique, donc c\u2019est mieux de mettre les clims \u00e0 fond tout le temps<\/p>\n\n\n\n<p>&#8211; Euh \u2026 la derni\u00e8re fois que nous avons eu un probl\u00e8me, en 30 minutes, la temp\u00e9rature ambiante \u00e9tait mont\u00e9e \u00e0 40\u00b0C. Tu crois vraiment que 2 degr\u00e9s de moins \u00e7a va vraiment faire une diff\u00e9rence&nbsp;?Le probl\u00e8me, en fait, c\u2019est de savoir si les climatisations sont en panne pour pouvoir intervenir rapidement en cas de probl\u00e8me. Tu sais quoi&nbsp;? Nous allons installer une interface de communication et la GTC (Gestion Technique Centralis\u00e9e) pourra surveiller l\u2019\u00e9tat des climatisations et renvoyer une alerte<\/p>\n\n\n\n<p>Quelques temps plus tard&#8230;<\/p>\n\n\n\n<p>Tiens&nbsp;! Dans les tables de communication, il y a aussi les temp\u00e9ratures fonctionnelles des cassettes de climatisation.<\/p>\n\n\n\n<p>Encore un peu plus tard&#8230;<\/p>\n\n\n\n<p>Tiens donc, quand je compare les mesures des cassettes de climatisation, il y a une grosse diff\u00e9rence d\u2019une cassette \u00e0 l\u2019autre entre les temp\u00e9ratures d\u2019entr\u00e9e et de sortie. Le technicien froid\/climatisation est envoy\u00e9 v\u00e9rifier ce qui se passe, et, oh surprise, il y avait une fuite de fluide frigorig\u00e8ne. Nous avons donc un crit\u00e8re simple pour mettre en place de la maintenance pr\u00e9dictive.<\/p>\n\n\n\n<p>Conclusion de cette petite histoire&nbsp;: l\u2019efficacit\u00e9 \u00e9nerg\u00e9tique, en fait, va bien au-del\u00e0 des \u00e9conomies d\u2019\u00e9nergie, c\u2019est un sujet d\u2019efficacit\u00e9 op\u00e9rationnelle.<\/p>\n\n\n\n<p>Post-scriptum 1 : un grand merci \u00e0 R, le responsable informatique du site, qui se reconna\u00eetra<\/p>\n\n\n\n<p>Post-scriptum 2 : oui, je sais, il y a bien d&rsquo;autres sujets \u00e0 traiter dans cette salle.<\/p>\n","protected":false},"excerpt":{"rendered":"<p>Le dialogue qui suit (volontairement caricatural) r\u00e9sume une s\u00e9quence de quelques mois. Je discute donc avec le responsable informatique du site&nbsp;: &#8211; Pourquoi les clims de la salle serveurs sont \u00e0 19\u00b0C&nbsp;? &#8211; Tu comprends, les serveurs, \u00e7a n\u2019aime pas trop la chaleur. &#8211; Oui, mais le serveur, il peut tenir jusqu\u2019\u00e0 quelle temp\u00e9rature&nbsp;? &#8211; [&hellip;]<\/p>\n","protected":false},"author":2,"featured_media":0,"parent":0,"menu_order":0,"comment_status":"closed","ping_status":"closed","template":"","meta":{"footnotes":""},"class_list":["post-107","page","type-page","status-publish","hentry"],"yoast_head":"<!-- This site is optimized with the Yoast SEO plugin v25.8 - https:\/\/yoast.com\/wordpress\/plugins\/seo\/ -->\n<title>Le choix de la temp\u00e9rature de la salle serveur est-il un sujet d\u2019efficacit\u00e9 \u00e9nerg\u00e9tique\u00a0? - Nicolas Duvernois personal web site<\/title>\n<meta name=\"robots\" content=\"index, follow, max-snippet:-1, max-image-preview:large, max-video-preview:-1\" \/>\n<link rel=\"canonical\" href=\"https:\/\/gr.intertel.club\/nduvernois\/le-choix-de-la-temperature-de-la-salle-serveur-est-il-un-sujet-defficacite-energetique\/\" \/>\n<meta property=\"og:locale\" content=\"fr_FR\" \/>\n<meta property=\"og:type\" content=\"article\" \/>\n<meta property=\"og:title\" content=\"Le choix de la temp\u00e9rature de la salle serveur est-il un sujet d\u2019efficacit\u00e9 \u00e9nerg\u00e9tique\u00a0? - Nicolas Duvernois personal web site\" \/>\n<meta property=\"og:description\" content=\"Le dialogue qui suit (volontairement caricatural) r\u00e9sume une s\u00e9quence de quelques mois. Je discute donc avec le responsable informatique du site&nbsp;: &#8211; Pourquoi les clims de la salle serveurs sont \u00e0 19\u00b0C&nbsp;? &#8211; Tu comprends, les serveurs, \u00e7a n\u2019aime pas trop la chaleur. &#8211; Oui, mais le serveur, il peut tenir jusqu\u2019\u00e0 quelle temp\u00e9rature&nbsp;? &#8211; [&hellip;]\" \/>\n<meta property=\"og:url\" content=\"https:\/\/gr.intertel.club\/nduvernois\/le-choix-de-la-temperature-de-la-salle-serveur-est-il-un-sujet-defficacite-energetique\/\" \/>\n<meta property=\"og:site_name\" content=\"Nicolas Duvernois personal web site\" \/>\n<meta property=\"article:modified_time\" content=\"2025-10-15T21:35:01+00:00\" \/>\n<meta property=\"og:image\" content=\"https:\/\/gr.intertel.club\/nduvernois\/wp-content\/uploads\/sites\/2\/2025\/10\/IMG_0930_T_server_room_rogne-scaled.jpg\" \/>\n\t<meta property=\"og:image:width\" content=\"2560\" \/>\n\t<meta property=\"og:image:height\" content=\"2510\" \/>\n\t<meta property=\"og:image:type\" content=\"image\/jpeg\" \/>\n<meta name=\"twitter:card\" content=\"summary_large_image\" \/>\n<meta name=\"twitter:label1\" content=\"Dur\u00e9e de lecture estim\u00e9e\" \/>\n\t<meta name=\"twitter:data1\" content=\"3 minutes\" \/>\n<script type=\"application\/ld+json\" class=\"yoast-schema-graph\">{\"@context\":\"https:\/\/schema.org\",\"@graph\":[{\"@type\":\"WebPage\",\"@id\":\"https:\/\/gr.intertel.club\/nduvernois\/le-choix-de-la-temperature-de-la-salle-serveur-est-il-un-sujet-defficacite-energetique\/\",\"url\":\"https:\/\/gr.intertel.club\/nduvernois\/le-choix-de-la-temperature-de-la-salle-serveur-est-il-un-sujet-defficacite-energetique\/\",\"name\":\"Le choix de la temp\u00e9rature de la salle serveur est-il un sujet d\u2019efficacit\u00e9 \u00e9nerg\u00e9tique\u00a0? - Nicolas Duvernois personal web site\",\"isPartOf\":{\"@id\":\"https:\/\/gr.intertel.club\/nduvernois\/#website\"},\"primaryImageOfPage\":{\"@id\":\"https:\/\/gr.intertel.club\/nduvernois\/le-choix-de-la-temperature-de-la-salle-serveur-est-il-un-sujet-defficacite-energetique\/#primaryimage\"},\"image\":{\"@id\":\"https:\/\/gr.intertel.club\/nduvernois\/le-choix-de-la-temperature-de-la-salle-serveur-est-il-un-sujet-defficacite-energetique\/#primaryimage\"},\"thumbnailUrl\":\"https:\/\/gr.intertel.club\/nduvernois\/wp-content\/uploads\/sites\/2\/2025\/10\/IMG_0930_T_server_room_rogne-1024x1004.jpg\",\"datePublished\":\"2025-10-15T21:35:00+00:00\",\"dateModified\":\"2025-10-15T21:35:01+00:00\",\"breadcrumb\":{\"@id\":\"https:\/\/gr.intertel.club\/nduvernois\/le-choix-de-la-temperature-de-la-salle-serveur-est-il-un-sujet-defficacite-energetique\/#breadcrumb\"},\"inLanguage\":\"fr-FR\",\"potentialAction\":[{\"@type\":\"ReadAction\",\"target\":[\"https:\/\/gr.intertel.club\/nduvernois\/le-choix-de-la-temperature-de-la-salle-serveur-est-il-un-sujet-defficacite-energetique\/\"]}]},{\"@type\":\"ImageObject\",\"inLanguage\":\"fr-FR\",\"@id\":\"https:\/\/gr.intertel.club\/nduvernois\/le-choix-de-la-temperature-de-la-salle-serveur-est-il-un-sujet-defficacite-energetique\/#primaryimage\",\"url\":\"https:\/\/gr.intertel.club\/nduvernois\/wp-content\/uploads\/sites\/2\/2025\/10\/IMG_0930_T_server_room_rogne-scaled.jpg\",\"contentUrl\":\"https:\/\/gr.intertel.club\/nduvernois\/wp-content\/uploads\/sites\/2\/2025\/10\/IMG_0930_T_server_room_rogne-scaled.jpg\",\"width\":2560,\"height\":2510},{\"@type\":\"BreadcrumbList\",\"@id\":\"https:\/\/gr.intertel.club\/nduvernois\/le-choix-de-la-temperature-de-la-salle-serveur-est-il-un-sujet-defficacite-energetique\/#breadcrumb\",\"itemListElement\":[{\"@type\":\"ListItem\",\"position\":1,\"name\":\"Home\",\"item\":\"https:\/\/gr.intertel.club\/nduvernois\/\"},{\"@type\":\"ListItem\",\"position\":2,\"name\":\"Le choix de la temp\u00e9rature de la salle serveur est-il un sujet d\u2019efficacit\u00e9 \u00e9nerg\u00e9tique\u00a0?\"}]},{\"@type\":\"WebSite\",\"@id\":\"https:\/\/gr.intertel.club\/nduvernois\/#website\",\"url\":\"https:\/\/gr.intertel.club\/nduvernois\/\",\"name\":\"Nicolas Duvernois personal web site\",\"description\":\"\",\"potentialAction\":[{\"@type\":\"SearchAction\",\"target\":{\"@type\":\"EntryPoint\",\"urlTemplate\":\"https:\/\/gr.intertel.club\/nduvernois\/?s={search_term_string}\"},\"query-input\":{\"@type\":\"PropertyValueSpecification\",\"valueRequired\":true,\"valueName\":\"search_term_string\"}}],\"inLanguage\":\"fr-FR\"}]}<\/script>\n<!-- \/ Yoast SEO plugin. -->","yoast_head_json":{"title":"Le choix de la temp\u00e9rature de la salle serveur est-il un sujet d\u2019efficacit\u00e9 \u00e9nerg\u00e9tique\u00a0? - Nicolas Duvernois personal web site","robots":{"index":"index","follow":"follow","max-snippet":"max-snippet:-1","max-image-preview":"max-image-preview:large","max-video-preview":"max-video-preview:-1"},"canonical":"https:\/\/gr.intertel.club\/nduvernois\/le-choix-de-la-temperature-de-la-salle-serveur-est-il-un-sujet-defficacite-energetique\/","og_locale":"fr_FR","og_type":"article","og_title":"Le choix de la temp\u00e9rature de la salle serveur est-il un sujet d\u2019efficacit\u00e9 \u00e9nerg\u00e9tique\u00a0? - Nicolas Duvernois personal web site","og_description":"Le dialogue qui suit (volontairement caricatural) r\u00e9sume une s\u00e9quence de quelques mois. Je discute donc avec le responsable informatique du site&nbsp;: &#8211; Pourquoi les clims de la salle serveurs sont \u00e0 19\u00b0C&nbsp;? &#8211; Tu comprends, les serveurs, \u00e7a n\u2019aime pas trop la chaleur. &#8211; Oui, mais le serveur, il peut tenir jusqu\u2019\u00e0 quelle temp\u00e9rature&nbsp;? &#8211; [&hellip;]","og_url":"https:\/\/gr.intertel.club\/nduvernois\/le-choix-de-la-temperature-de-la-salle-serveur-est-il-un-sujet-defficacite-energetique\/","og_site_name":"Nicolas Duvernois personal web site","article_modified_time":"2025-10-15T21:35:01+00:00","og_image":[{"width":2560,"height":2510,"url":"https:\/\/gr.intertel.club\/nduvernois\/wp-content\/uploads\/sites\/2\/2025\/10\/IMG_0930_T_server_room_rogne-scaled.jpg","type":"image\/jpeg"}],"twitter_card":"summary_large_image","twitter_misc":{"Dur\u00e9e de lecture estim\u00e9e":"3 minutes"},"schema":{"@context":"https:\/\/schema.org","@graph":[{"@type":"WebPage","@id":"https:\/\/gr.intertel.club\/nduvernois\/le-choix-de-la-temperature-de-la-salle-serveur-est-il-un-sujet-defficacite-energetique\/","url":"https:\/\/gr.intertel.club\/nduvernois\/le-choix-de-la-temperature-de-la-salle-serveur-est-il-un-sujet-defficacite-energetique\/","name":"Le choix de la temp\u00e9rature de la salle serveur est-il un sujet d\u2019efficacit\u00e9 \u00e9nerg\u00e9tique\u00a0? - Nicolas Duvernois personal web site","isPartOf":{"@id":"https:\/\/gr.intertel.club\/nduvernois\/#website"},"primaryImageOfPage":{"@id":"https:\/\/gr.intertel.club\/nduvernois\/le-choix-de-la-temperature-de-la-salle-serveur-est-il-un-sujet-defficacite-energetique\/#primaryimage"},"image":{"@id":"https:\/\/gr.intertel.club\/nduvernois\/le-choix-de-la-temperature-de-la-salle-serveur-est-il-un-sujet-defficacite-energetique\/#primaryimage"},"thumbnailUrl":"https:\/\/gr.intertel.club\/nduvernois\/wp-content\/uploads\/sites\/2\/2025\/10\/IMG_0930_T_server_room_rogne-1024x1004.jpg","datePublished":"2025-10-15T21:35:00+00:00","dateModified":"2025-10-15T21:35:01+00:00","breadcrumb":{"@id":"https:\/\/gr.intertel.club\/nduvernois\/le-choix-de-la-temperature-de-la-salle-serveur-est-il-un-sujet-defficacite-energetique\/#breadcrumb"},"inLanguage":"fr-FR","potentialAction":[{"@type":"ReadAction","target":["https:\/\/gr.intertel.club\/nduvernois\/le-choix-de-la-temperature-de-la-salle-serveur-est-il-un-sujet-defficacite-energetique\/"]}]},{"@type":"ImageObject","inLanguage":"fr-FR","@id":"https:\/\/gr.intertel.club\/nduvernois\/le-choix-de-la-temperature-de-la-salle-serveur-est-il-un-sujet-defficacite-energetique\/#primaryimage","url":"https:\/\/gr.intertel.club\/nduvernois\/wp-content\/uploads\/sites\/2\/2025\/10\/IMG_0930_T_server_room_rogne-scaled.jpg","contentUrl":"https:\/\/gr.intertel.club\/nduvernois\/wp-content\/uploads\/sites\/2\/2025\/10\/IMG_0930_T_server_room_rogne-scaled.jpg","width":2560,"height":2510},{"@type":"BreadcrumbList","@id":"https:\/\/gr.intertel.club\/nduvernois\/le-choix-de-la-temperature-de-la-salle-serveur-est-il-un-sujet-defficacite-energetique\/#breadcrumb","itemListElement":[{"@type":"ListItem","position":1,"name":"Home","item":"https:\/\/gr.intertel.club\/nduvernois\/"},{"@type":"ListItem","position":2,"name":"Le choix de la temp\u00e9rature de la salle serveur est-il un sujet d\u2019efficacit\u00e9 \u00e9nerg\u00e9tique\u00a0?"}]},{"@type":"WebSite","@id":"https:\/\/gr.intertel.club\/nduvernois\/#website","url":"https:\/\/gr.intertel.club\/nduvernois\/","name":"Nicolas Duvernois personal web site","description":"","potentialAction":[{"@type":"SearchAction","target":{"@type":"EntryPoint","urlTemplate":"https:\/\/gr.intertel.club\/nduvernois\/?s={search_term_string}"},"query-input":{"@type":"PropertyValueSpecification","valueRequired":true,"valueName":"search_term_string"}}],"inLanguage":"fr-FR"}]}},"_links":{"self":[{"href":"https:\/\/gr.intertel.club\/nduvernois\/wp-json\/wp\/v2\/pages\/107","targetHints":{"allow":["GET"]}}],"collection":[{"href":"https:\/\/gr.intertel.club\/nduvernois\/wp-json\/wp\/v2\/pages"}],"about":[{"href":"https:\/\/gr.intertel.club\/nduvernois\/wp-json\/wp\/v2\/types\/page"}],"author":[{"embeddable":true,"href":"https:\/\/gr.intertel.club\/nduvernois\/wp-json\/wp\/v2\/users\/2"}],"replies":[{"embeddable":true,"href":"https:\/\/gr.intertel.club\/nduvernois\/wp-json\/wp\/v2\/comments?post=107"}],"version-history":[{"count":1,"href":"https:\/\/gr.intertel.club\/nduvernois\/wp-json\/wp\/v2\/pages\/107\/revisions"}],"predecessor-version":[{"id":111,"href":"https:\/\/gr.intertel.club\/nduvernois\/wp-json\/wp\/v2\/pages\/107\/revisions\/111"}],"wp:attachment":[{"href":"https:\/\/gr.intertel.club\/nduvernois\/wp-json\/wp\/v2\/media?parent=107"}],"curies":[{"name":"wp","href":"https:\/\/api.w.org\/{rel}","templated":true}]}}